{"id":9528,"date":"2020-10-31T00:46:57","date_gmt":"2020-10-30T23:46:57","guid":{"rendered":"https:\/\/remediumbag.eu\/remediumwp\/?page_id=9528"},"modified":"2021-02-17T21:19:06","modified_gmt":"2021-02-17T20:19:06","slug":"jak-pakujemy-produkty","status":"publish","type":"page","link":"https:\/\/remediumbag.eu\/remediumwp\/jak-pakujemy-produkty\/","title":{"rendered":"jak pakujemy produkty"},"content":{"rendered":"<div id=\"pl-gb9528-69f50a00531df\"  class=\"panel-layout\" ><div id=\"pg-gb9528-69f50a00531df-0\"  class=\"panel-grid panel-no-style\" ><div id=\"pgc-gb9528-69f50a00531df-0-0\"  class=\"panel-grid-cell\" ><div id=\"panel-gb9528-69f50a00531df-0-0-0\" class=\"so-panel widget widget_sow-headline panel-first-child panel-last-child\" data-index=\"0\" ><div\n\t\t\t\n\t\t\tclass=\"so-widget-sow-headline so-widget-sow-headline-default-8a355f770930-9528 so-widget-fittext-wrapper\"\n\t\t\t data-fit-text-compressor=\"0.85\"\n\t\t><div class=\"sow-headline-container \">\n\t\t\t\t\t\t\t<h2 class=\"sow-headline\">\n\t\t\t\t\t\t\t\t\t\t\t\t\t<a href=\"https:\/\/remediumbag.eu\/remediumwp\/male-rzeczy-akcesoria-dla-domu\/\" >\n\t\t\t\t\t\t\t\tNowo\u015bci!<\/a>\t\t\t\t\t\t<\/h2>\n\t\t\t\t\t\t<\/div>\n<\/div><\/div><\/div><div id=\"pgc-gb9528-69f50a00531df-0-1\"  class=\"panel-grid-cell\" ><div id=\"panel-gb9528-69f50a00531df-0-1-0\" class=\"so-panel widget widget_sow-headline panel-first-child panel-last-child\" data-index=\"1\" ><div\n\t\t\t\n\t\t\tclass=\"so-widget-sow-headline so-widget-sow-headline-default-8a355f770930-9528 so-widget-fittext-wrapper\"\n\t\t\t data-fit-text-compressor=\"0.85\"\n\t\t><div class=\"sow-headline-container \">\n\t\t\t\t\t\t\t<h2 class=\"sow-headline\">\n\t\t\t\t\t\t\t\t\t\t\t\t\t<a href=\"https:\/\/remediumbag.eu\/remediumwp\/len\/\" >\n\t\t\t\t\t\t\t\tLen<\/a>\t\t\t\t\t\t<\/h2>\n\t\t\t\t\t\t<\/div>\n<\/div><\/div><\/div><div id=\"pgc-gb9528-69f50a00531df-0-2\"  class=\"panel-grid-cell\" ><div id=\"panel-gb9528-69f50a00531df-0-2-0\" class=\"so-panel widget widget_sow-headline panel-first-child panel-last-child\" data-index=\"2\" ><div\n\t\t\t\n\t\t\tclass=\"so-widget-sow-headline so-widget-sow-headline-default-8a355f770930-9528 so-widget-fittext-wrapper\"\n\t\t\t data-fit-text-compressor=\"0.85\"\n\t\t><div class=\"sow-headline-container \">\n\t\t\t\t\t\t\t<h2 class=\"sow-headline\">\n\t\t\t\t\t\t\t\t\t\t\t\t\t<a href=\"https:\/\/remediumbag.eu\/remediumwp\/washable-kraft-paper\/\" >\n\t\t\t\t\t\t\t\tPapier<\/a>\t\t\t\t\t\t<\/h2>\n\t\t\t\t\t\t<\/div>\n<\/div><\/div><\/div><div id=\"pgc-gb9528-69f50a00531df-0-3\"  class=\"panel-grid-cell\" ><div id=\"panel-gb9528-69f50a00531df-0-3-0\" class=\"so-panel widget widget_sow-headline panel-first-child panel-last-child\" data-index=\"3\" ><div\n\t\t\t\n\t\t\tclass=\"so-widget-sow-headline so-widget-sow-headline-default-8a355f770930-9528 so-widget-fittext-wrapper\"\n\t\t\t data-fit-text-compressor=\"0.85\"\n\t\t><div class=\"sow-headline-container \">\n\t\t\t\t\t\t\t<h2 class=\"sow-headline\">\n\t\t\t\t\t\tdobre praktyki\t\t\t\t\t\t<\/h2>\n\t\t\t\t\t\t<\/div>\n<\/div><\/div><\/div><div id=\"pgc-gb9528-69f50a00531df-0-4\"  class=\"panel-grid-cell\" ><div id=\"panel-gb9528-69f50a00531df-0-4-0\" class=\"so-panel widget widget_sow-headline panel-first-child panel-last-child\" data-index=\"4\" ><div\n\t\t\t\n\t\t\tclass=\"so-widget-sow-headline so-widget-sow-headline-default-8a355f770930-9528 so-widget-fittext-wrapper\"\n\t\t\t data-fit-text-compressor=\"0.85\"\n\t\t><div class=\"sow-headline-container \">\n\t\t\t\t\t\t\t<h2 class=\"sow-headline\">\n\t\t\t\t\t\t\t\t\t\t\t\t\t<a href=\"https:\/\/remediumbag.eu\/remediumwp\/akcesoria\/\" >\n\t\t\t\t\t\t\t\tW torebce<\/a>\t\t\t\t\t\t<\/h2>\n\t\t\t\t\t\t<\/div>\n<\/div><\/div><\/div><div id=\"pgc-gb9528-69f50a00531df-0-5\"  class=\"panel-grid-cell\" ><div id=\"panel-gb9528-69f50a00531df-0-5-0\" class=\"so-panel widget widget_sow-headline panel-first-child panel-last-child\" data-index=\"5\" ><div\n\t\t\t\n\t\t\tclass=\"so-widget-sow-headline so-widget-sow-headline-default-8a355f770930-9528 so-widget-fittext-wrapper\"\n\t\t\t data-fit-text-compressor=\"0.85\"\n\t\t><div class=\"sow-headline-container \">\n\t<\/div>\n<\/div><\/div><\/div><\/div><\/div>\n\n\n<hr class=\"wp-block-separator is-style-wide\"\/>\n\n\n<div id=\"pl-gb9528-69f50a005547c\"  class=\"panel-layout\" ><div id=\"pg-gb9528-69f50a005547c-0\"  class=\"panel-grid panel-no-style\" ><div id=\"pgc-gb9528-69f50a005547c-0-0\"  class=\"panel-grid-cell panel-grid-cell-mobile-last\" ><div id=\"panel-gb9528-69f50a005547c-0-0-0\" class=\"so-panel widget widget_sow-editor panel-first-child panel-last-child\" data-index=\"0\" ><div\n\t\t\t\n\t\t\tclass=\"so-widget-sow-editor so-widget-sow-editor-base\"\n\t\t\t\n\t\t>\n<div class=\"siteorigin-widget-tinymce textwidget\">\n\t<p><\/p>\n<h4>Opakowanie i to jak pakujemy produkty tworz\u0105c przesy\u0142k\u0119 jest jednym z etap\u00f3w \u017cycia produktu.<\/h4>\n<p>O podstawowych etapach projektowania pisa\u0142am <a class=\"rank-math-link\" href=\"https:\/\/remediumbag.eu\/remediumwp\/moda-zrownowazona\/\">tutaj<\/a>. W odpowiedzialnym podej\u015bciu do \u015brodowiska i klienta to wa\u017cny element do przemy\u015ble\u0144. Zazwyczaj opakowanie l\u0105duje w \u015bmieciach, dlatego ci\u0105gle zastanawiam si\u0119, co zrobi\u0107, aby wyrzucone opakowanie nie mia\u0142o negatywnego wp\u0142ywu na \u015brodowisko, lub, najlepiej zosta\u0142o ponownie wykorzystane.<\/p>\n<p> <\/p>\n<p>Zwracam si\u0119 tutaj r\u00f3wnie\u017c bezpo\u015brednio do was moje drogie Klientki i Klienci, poniewa\u017c, to czy opakowanie b\u0119dzie &#8220;zero waste&#8221; czy &#8220;less waste&#8221; zale\u017cy r\u00f3wnie\u017c od was. Staram si\u0119, aby u\u017cyte produkty, by\u0142y praktyczne.<\/p>\n<p><\/p>\n<\/div>\n<\/div><\/div><\/div><div id=\"pgc-gb9528-69f50a005547c-0-1\"  class=\"panel-grid-cell panel-grid-cell-empty\" ><\/div><\/div><\/div>\n\n<style>.wp-block-kadence-spacer.kt-block-spacer-_3ae8e5-bd .kt-block-spacer{height:60px;}.wp-block-kadence-spacer.kt-block-spacer-_3ae8e5-bd .kt-divider{border-top-width:1px;height:1px;border-top-color:#eee;width:80%;border-top-style:solid;}<\/style>\n<div class=\"wp-block-kadence-spacer aligncenter kt-block-spacer-_3ae8e5-bd\"><div class=\"kt-block-spacer kt-block-spacer-halign-center\" style=\"height:60px\"><hr class=\"kt-divider\" style=\"border-top-color:rgba(238, 238, 238, 1);border-top-width:1px;width:80%;border-top-style:solid\"\/><\/div><\/div>\n\n\n\n<h3>Z czego sk\u0142ada si\u0119 opakowanie w Remediumbag i co dalej z nim zrobi\u0107?<\/h3>\n\n\n\n<p>W zale\u017cno\u015bci od wielko\u015bci produktu torby i akcesoria pakowane s\u0105 na dwa r\u00f3\u017cne sposoby:<\/p>\n\n\n\n<div class=\"is-layout-flow wp-block-group alignwide\"><div class=\"wp-block-group__inner-container\">\n<div class=\"is-layout-flow wp-block-group alignwide\"><div class=\"wp-block-group__inner-container\"><\/div><\/div>\n<\/div><\/div>\n\n\n<div id=\"pl-gb9528-69f50a005837e\"  class=\"panel-layout\" ><div id=\"pg-gb9528-69f50a005837e-0\"  class=\"panel-grid panel-no-style\" ><div id=\"pgc-gb9528-69f50a005837e-0-0\"  class=\"panel-grid-cell\" ><div id=\"panel-gb9528-69f50a005837e-0-0-0\" class=\"so-panel widget widget_sow-image panel-first-child panel-last-child\" data-index=\"0\" ><div\n\t\t\t\n\t\t\tclass=\"so-widget-sow-image so-widget-sow-image-default-8b5b6f678277-9528\"\n\t\t\t\n\t\t>\n\n<div class=\"sow-image-container\">\n\t\t<img decoding=\"async\" src=\"https:\/\/remediumbag.eu\/remediumwp\/wp-content\/uploads\/2020\/10\/sposoby_na_opakowanie-1-919x800.jpg\" width=\"919\" height=\"800\" srcset=\"https:\/\/remediumbag.eu\/remediumwp\/wp-content\/uploads\/2020\/10\/sposoby_na_opakowanie-1-919x800.jpg 919w, https:\/\/remediumbag.eu\/remediumwp\/wp-content\/uploads\/2020\/10\/sposoby_na_opakowanie-1-400x348.jpg 400w, https:\/\/remediumbag.eu\/remediumwp\/wp-content\/uploads\/2020\/10\/sposoby_na_opakowanie-1-768x669.jpg 768w, https:\/\/remediumbag.eu\/remediumwp\/wp-content\/uploads\/2020\/10\/sposoby_na_opakowanie-1-1536x1337.jpg 1536w, https:\/\/remediumbag.eu\/remediumwp\/wp-content\/uploads\/2020\/10\/sposoby_na_opakowanie-1-1200x1045.jpg 1200w, https:\/\/remediumbag.eu\/remediumwp\/wp-content\/uploads\/2020\/10\/sposoby_na_opakowanie-1.jpg 1379w\" sizes=\"(max-width: 919px) 100vw, 919px\" title=\"sposoby_na_opakowanie\" alt=\"pakujemy produkty - opakowanie ekologiczne to tutaj papier powt\u00f3rnego u\u017cycia do \u015brodka (jest to gnieciona bibu\u0142ka) oraz tekturowe pude\u0142ko.\" \t\tclass=\"so-widget-image\"\/>\n\t<\/div>\n\n<\/div><\/div><\/div><div id=\"pgc-gb9528-69f50a005837e-0-1\"  class=\"panel-grid-cell\" ><div id=\"panel-gb9528-69f50a005837e-0-1-0\" class=\"so-panel widget widget_sow-editor panel-first-child panel-last-child\" data-index=\"1\" ><div\n\t\t\t\n\t\t\tclass=\"so-widget-sow-editor so-widget-sow-editor-base\"\n\t\t\t\n\t\t>\n<div class=\"siteorigin-widget-tinymce textwidget\">\n\t<p>ma\u0142e rzeczy, np. portfele &#8211; najpierw zawijam w lekki papier, zazwyczaj z drugiej r\u0119ki, lub u\u017cywam ma\u0142ej torebki papierowej. Tak zapakowany trafia do ma\u0142ego pude\u0142ka z niebielonej tektury. Pude\u0142ko zabezpieczam ekologiczn\u0105 ta\u015bm\u0105 papierow\u0105 (klej bez rozpuszczalnik\u00f3w) . Do tego dochodzi list przewozowy &#8212;- papier, torebk\u0119 i pude\u0142ko mo\u017cna u\u017cy\u0107 ponownie lub odda\u0107 do recyklingu. Aby u\u017cy\u0107 pude\u0142ka ponownie w \u0142atwy spos\u00f3b zdejmujemy ta\u015bm\u0119 papierow\u0105 i list przewozowy. Pude\u0142ko to uniwersalne opakowanie przydatne w domu. Zawsze mo\u017ce poczeka\u0107 na moment, \u017ceby sta\u0107 si\u0119 ponownie opakowaniem na prezent.<\/p>\n<\/div>\n<\/div><\/div><\/div><\/div><div id=\"pg-gb9528-69f50a005837e-1\"  class=\"panel-grid panel-no-style\" ><div id=\"pgc-gb9528-69f50a005837e-1-0\"  class=\"panel-grid-cell\" ><div id=\"panel-gb9528-69f50a005837e-1-0-0\" class=\"so-panel widget widget_sow-image panel-first-child panel-last-child\" data-index=\"2\" ><div\n\t\t\t\n\t\t\tclass=\"so-widget-sow-image so-widget-sow-image-default-8b5b6f678277-9528\"\n\t\t\t\n\t\t>\n\n<div class=\"sow-image-container\">\n\t\t<img decoding=\"async\" src=\"https:\/\/remediumbag.eu\/remediumwp\/wp-content\/uploads\/2020\/10\/moda_odpowiedzialna_opakowanie-533x800.jpg\" width=\"533\" height=\"800\" srcset=\"https:\/\/remediumbag.eu\/remediumwp\/wp-content\/uploads\/2020\/10\/moda_odpowiedzialna_opakowanie-533x800.jpg 533w, https:\/\/remediumbag.eu\/remediumwp\/wp-content\/uploads\/2020\/10\/moda_odpowiedzialna_opakowanie-267x400.jpg 267w, https:\/\/remediumbag.eu\/remediumwp\/wp-content\/uploads\/2020\/10\/moda_odpowiedzialna_opakowanie-768x1152.jpg 768w, https:\/\/remediumbag.eu\/remediumwp\/wp-content\/uploads\/2020\/10\/moda_odpowiedzialna_opakowanie-1024x1536.jpg 1024w, https:\/\/remediumbag.eu\/remediumwp\/wp-content\/uploads\/2020\/10\/moda_odpowiedzialna_opakowanie-1365x2048.jpg 1365w, https:\/\/remediumbag.eu\/remediumwp\/wp-content\/uploads\/2020\/10\/moda_odpowiedzialna_opakowanie-400x600.jpg 400w, https:\/\/remediumbag.eu\/remediumwp\/wp-content\/uploads\/2020\/10\/moda_odpowiedzialna_opakowanie-1200x1800.jpg 1200w, https:\/\/remediumbag.eu\/remediumwp\/wp-content\/uploads\/2020\/10\/moda_odpowiedzialna_opakowanie-scaled.jpg 800w\" sizes=\"(max-width: 533px) 100vw, 533px\" title=\"opakowanie\" alt=\"ekologiczne opakowanie produktu\" \t\tclass=\"so-widget-image\"\/>\n\t<\/div>\n\n<\/div><\/div><\/div><div id=\"pgc-gb9528-69f50a005837e-1-1\"  class=\"panel-grid-cell\" ><div id=\"panel-gb9528-69f50a005837e-1-1-0\" class=\"so-panel widget widget_sow-editor panel-first-child panel-last-child\" data-index=\"3\" ><div\n\t\t\t\n\t\t\tclass=\"so-widget-sow-editor so-widget-sow-editor-base\"\n\t\t\t\n\t\t>\n<div class=\"siteorigin-widget-tinymce textwidget\">\n\t<p>Wi\u0119ksze i \u015brednie produkty &#8211; najpierw u\u017cywam torby papierowej z szarego papieru. Nast\u0119pnie ca\u0142o\u015b\u0107 pakuj\u0119 do pud\u0142a tekturowego. Do tego papierowa ta\u015bma klej\u0105ca i list przewozowy &#8212;- Pude\u0142ko i papier mo\u017cna u\u017cy\u0107 do przechowywania lub odda\u0107 do recyklingu. Natomiast worek papierowy tr\u00f3jwarstwowy, bardzo mocny, z powodzeniem mo\u017cna wykorzysta\u0107 do przechowywania lub w wystroju wn\u0119trza. Worek ten mo\u017cna zostawi\u0107 w minimalistycznej, surowej formie, zawin\u0105\u0107 brzeg, pokolorowa\u0107, albo pomalowa\u0107, u\u017cy\u0107 do przechowywania, lub&#8230; od \u015bwi\u0119ta zamieni\u0107 na w\u00f3r Miko\u0142aja!<\/p>\n<\/div>\n<\/div><\/div><\/div><\/div><div id=\"pg-gb9528-69f50a005837e-2\"  class=\"panel-grid panel-no-style\" ><div id=\"pgc-gb9528-69f50a005837e-2-0\"  class=\"panel-grid-cell\" ><div id=\"panel-gb9528-69f50a005837e-2-0-0\" class=\"so-panel widget widget_sow-editor panel-first-child panel-last-child\" data-index=\"4\" ><div\n\t\t\t\n\t\t\tclass=\"so-widget-sow-editor so-widget-sow-editor-base\"\n\t\t\t\n\t\t>\n<div class=\"siteorigin-widget-tinymce textwidget\">\n\t<p><\/p>\n<p class=\"has-medium-font-size\">U mnie w pracowni kilka takich papierowych work\u00f3w najwi\u0119kszego rozmiaru z powodzeniem s\u0142u\u017cy jako pojemniki do przechowywania.<\/p>\n<p> <\/p>\n<p>\u017bycz\u0119 mi\u0142ego i kreatywnego odpakowywania!<\/p>\n<p><\/p>\n<\/div>\n<\/div><\/div><\/div><div id=\"pgc-gb9528-69f50a005837e-2-1\"  class=\"panel-grid-cell\" ><div id=\"panel-gb9528-69f50a005837e-2-1-0\" class=\"so-panel widget widget_sow-image panel-first-child panel-last-child\" data-index=\"5\" ><div\n\t\t\t\n\t\t\tclass=\"so-widget-sow-image so-widget-sow-image-default-8b5b6f678277-9528\"\n\t\t\t\n\t\t>\n\n<div class=\"sow-image-container\">\n\t\t<img decoding=\"async\" src=\"https:\/\/remediumbag.eu\/remediumwp\/wp-content\/uploads\/2020\/11\/worek-papierowy-do-przechowywania.jpg\" width=\"312\" height=\"600\" srcset=\"https:\/\/remediumbag.eu\/remediumwp\/wp-content\/uploads\/2020\/11\/worek-papierowy-do-przechowywania.jpg 312w, https:\/\/remediumbag.eu\/remediumwp\/wp-content\/uploads\/2020\/11\/worek-papierowy-do-przechowywania-208x400.jpg 208w\" sizes=\"(max-width: 312px) 100vw, 312px\" alt=\"worek papierowy do przechowywania z rolkami washable kraft paper - specjalnego papieru do szycia w r\u00f3\u017cnych kolorach, g\u0142\u00f3wnie naturalnych odcieniach ziemi\" class=\"so-widget-image\" title=\"\">\n\t<\/div>\n\n<\/div><\/div><\/div><\/div><\/div>\n\n<style>.wp-block-kadence-spacer.kt-block-spacer-_41ce02-b8 .kt-block-spacer{height:60px;}.wp-block-kadence-spacer.kt-block-spacer-_41ce02-b8 .kt-divider{border-top-width:1px;height:1px;border-top-color:#eee;width:80%;border-top-style:solid;}<\/style>\n<div class=\"wp-block-kadence-spacer aligncenter kt-block-spacer-_41ce02-b8\"><div class=\"kt-block-spacer kt-block-spacer-halign-center\" style=\"height:60px\"><hr class=\"kt-divider\" style=\"border-top-color:rgba(238, 238, 238, 1);border-top-width:1px;width:80%;border-top-style:solid\"\/><\/div><\/div>\n\n\n\n<p>Remediumbag jest mark\u0105 wega\u0144sk\u0105 &#8211; wszystkie torby i akcesoria wykonane s\u0105 z materia\u0142\u00f3w naturalnych lub alternatywnych do sk\u00f3ry. Sklep jest na oficjalnej li\u015bcie <a aria-label=\"Sklep\u00f3w wolnych od futer (opens in a new tab)\" href=\"https:\/\/www.otwarteklatki.pl\/sklepy-wolne-od-futer\" target=\"_blank\" rel=\"noreferrer noopener\" class=\"rank-math-link\">Sklep\u00f3w wolnych od futer<\/a> w ramach akcji <a aria-label=\"Stowarzyszenia&nbsp;Otwarte Klatki (opens in a new tab)\" rel=\"noreferrer noopener\" href=\"https:\/\/www.otwarteklatki.pl\/\" target=\"_blank\" class=\"rank-math-link\">Stowarzyszenia&nbsp;Otwarte Klatki<\/a>.&nbsp;Jednocze\u015bnie Remediumbag znajduje si\u0119 na mi\u0119dzynarodowej li\u015bcie dla marek i projektant\u00f3w &#8211; Fur Free Retailers.&nbsp; Znajduje si\u0119 ona&nbsp;<a rel=\"noreferrer noopener\" href=\"https:\/\/furfreeretailer.com\/\" target=\"_blank\">tutaj<\/a>.&nbsp;&nbsp;<\/p>\n\n\n<style>.wp-block-kadence-spacer.kt-block-spacer-_a530a3-6e .kt-block-spacer{height:60px;}.wp-block-kadence-spacer.kt-block-spacer-_a530a3-6e .kt-divider{border-top-width:1px;height:1px;border-top-color:#eee;width:80%;border-top-style:solid;}<\/style>\n<div class=\"wp-block-kadence-spacer aligncenter kt-block-spacer-_a530a3-6e\"><div class=\"kt-block-spacer kt-block-spacer-halign-center\" style=\"height:60px\"><hr class=\"kt-divider\" style=\"border-top-color:rgba(238, 238, 238, 1);border-top-width:1px;width:80%;border-top-style:solid\"\/><\/div><\/div>\n\n\n\n<p>Przy zapisie na Newsletter, kt\u00f3ry wysy\u0142am raz w miesi\u0105cu, przesy\u0142am aktywny kupon na pierwsze zakupy ze zni\u017ck\u0105 -15%. Pisz\u0119 nie tylko o nowo\u015bciach w sklepie, zapowiedziach kolekcji, ale r\u00f3wnie\u017c o tym, co ciekawego s\u0142ycha\u0107 w \u015bwiecie odpowiedzialnej mody. <a aria-label=\"Zapraszam! (opens in a new tab)\" href=\"https:\/\/remediumbag.eu\/remediumwp\/newsletter-remediumbag-2019\/\" target=\"_blank\" rel=\"noreferrer noopener\" class=\"rank-math-link\">Zapraszam!<\/a><\/p>\n\n\n<style>.wp-block-kadence-spacer.kt-block-spacer-_e90f74-e5 .kt-block-spacer{height:60px;}.wp-block-kadence-spacer.kt-block-spacer-_e90f74-e5 .kt-divider{border-top-width:1px;height:1px;border-top-color:#eee;width:80%;border-top-style:solid;}<\/style>\n<div class=\"wp-block-kadence-spacer aligncenter kt-block-spacer-_e90f74-e5\"><div class=\"kt-block-spacer kt-block-spacer-halign-center\" style=\"height:60px\"><hr class=\"kt-divider\" style=\"border-top-color:rgba(238, 238, 238, 1);border-top-width:1px;width:80%;border-top-style:solid\"\/><\/div><\/div>\n\n\n<div data-block-name=\"woocommerce\/product-category\" data-columns=\"4\" data-rows=\"2\" data-categories=\"[226]\" data-content-visibility=\"{&quot;title&quot;:true,&quot;price&quot;:true,&quot;rating&quot;:false,&quot;button&quot;:false}\" class=\"wc-block-grid wp-block-product-category wc-block-product-category has-4-columns has-multiple-rows\"><ul class=\"wc-block-grid__products\"><li class=\"wc-block-grid__product\">\n\t\t\t\t<a href=\"https:\/\/remediumbag.eu\/remediumwp\/sklep\/chusta-lniana-czarna\/\" class=\"wc-block-grid__product-link\">\n\t\t\t\t\t<div class=\"wc-block-grid__product-image\"><img width=\"400\" height=\"600\" src=\"https:\/\/remediumbag.eu\/remediumwp\/wp-content\/uploads\/2021\/03\/chusta-lniana-czarna-2-400x600.jpg\" class=\"attachment-woocommerce_thumbnail size-woocommerce_thumbnail\" alt=\"czarna chusta lniana na grafitowym tle\" decoding=\"async\" srcset=\"https:\/\/remediumbag.eu\/remediumwp\/wp-content\/uploads\/2021\/03\/chusta-lniana-czarna-2-400x600.jpg 400w, https:\/\/remediumbag.eu\/remediumwp\/wp-content\/uploads\/2021\/03\/chusta-lniana-czarna-2-533x800.jpg 533w, https:\/\/remediumbag.eu\/remediumwp\/wp-content\/uploads\/2021\/03\/chusta-lniana-czarna-2-768x1152.jpg 768w, https:\/\/remediumbag.eu\/remediumwp\/wp-content\/uploads\/2021\/03\/chusta-lniana-czarna-2-740x1110.jpg 740w, https:\/\/remediumbag.eu\/remediumwp\/wp-content\/uploads\/2021\/03\/chusta-lniana-czarna-2-370x555.jpg 370w, https:\/\/remediumbag.eu\/remediumwp\/wp-content\/uploads\/2021\/03\/chusta-lniana-czarna-2.jpg 1000w\" sizes=\"(max-width: 400px) 100vw, 400px\" title=\"\"><\/div>\n\t\t\t\t\t<div class=\"wc-block-grid__product-title\">chusta lniana Czarny Bez<\/div>\n\t\t\t\t<\/a>\n\t\t\t\t\n\t\t\t\t<div class=\"wc-block-grid__product-price price\"><span class=\"woocommerce-Price-amount amount\"><bdi>130,00&nbsp;<span class=\"woocommerce-Price-currencySymbol\">&#122;&#322;<\/span><\/bdi><\/span><\/div>\n\t\t\t\t\n\t\t\t\t\n\t\t\t<\/li><li class=\"wc-block-grid__product\">\n\t\t\t\t<a href=\"https:\/\/remediumbag.eu\/remediumwp\/sklep\/torba-lniana-naturalna\/\" class=\"wc-block-grid__product-link\">\n\t\t\t\t\t<div class=\"wc-block-grid__product-image\"><img width=\"400\" height=\"598\" src=\"https:\/\/remediumbag.eu\/remediumwp\/wp-content\/uploads\/2021\/03\/torba-lniana-naturalna-5-400x598.jpg\" class=\"attachment-woocommerce_thumbnail size-woocommerce_thumbnail\" alt=\"torba lniana naturalna w kolorze jasno-szarym lekko w lekko zielonkawym odcieniu\" decoding=\"async\" srcset=\"https:\/\/remediumbag.eu\/remediumwp\/wp-content\/uploads\/2021\/03\/torba-lniana-naturalna-5-400x598.jpg 400w, https:\/\/remediumbag.eu\/remediumwp\/wp-content\/uploads\/2021\/03\/torba-lniana-naturalna-5-535x800.jpg 535w, https:\/\/remediumbag.eu\/remediumwp\/wp-content\/uploads\/2021\/03\/torba-lniana-naturalna-5-768x1147.jpg 768w, https:\/\/remediumbag.eu\/remediumwp\/wp-content\/uploads\/2021\/03\/torba-lniana-naturalna-5-740x1106.jpg 740w, https:\/\/remediumbag.eu\/remediumwp\/wp-content\/uploads\/2021\/03\/torba-lniana-naturalna-5-370x553.jpg 370w, https:\/\/remediumbag.eu\/remediumwp\/wp-content\/uploads\/2021\/03\/torba-lniana-naturalna-5.jpg 1000w\" sizes=\"(max-width: 400px) 100vw, 400px\" title=\"\"><\/div>\n\t\t\t\t\t<div class=\"wc-block-grid__product-title\">Torba lniana Naturalna<\/div>\n\t\t\t\t<\/a>\n\t\t\t\t\n\t\t\t\t<div class=\"wc-block-grid__product-price price\"><span class=\"woocommerce-Price-amount amount\"><bdi>150,00&nbsp;<span class=\"woocommerce-Price-currencySymbol\">&#122;&#322;<\/span><\/bdi><\/span><\/div>\n\t\t\t\t\n\t\t\t\t\n\t\t\t<\/li><li class=\"wc-block-grid__product\">\n\t\t\t\t<a href=\"https:\/\/remediumbag.eu\/remediumwp\/sklep\/czarna-torba-lniana-1\/\" class=\"wc-block-grid__product-link\">\n\t\t\t\t\t<div class=\"wc-block-grid__product-image\"><img width=\"400\" height=\"600\" src=\"https:\/\/remediumbag.eu\/remediumwp\/wp-content\/uploads\/2021\/03\/IMG_8386-400x600.jpg\" class=\"attachment-woocommerce_thumbnail size-woocommerce_thumbnail\" alt=\"Czarna torba lniana Czarny Bez - torba du\u017ca w rodzaju torby na zakupy z dwoma do\u015b\u0107 d\u0142ugimi uchwytami r\u00f3wnie\u017c lnianymi. T\u0142o grafitowe.\" decoding=\"async\" srcset=\"https:\/\/remediumbag.eu\/remediumwp\/wp-content\/uploads\/2021\/03\/IMG_8386-400x600.jpg 400w, https:\/\/remediumbag.eu\/remediumwp\/wp-content\/uploads\/2021\/03\/IMG_8386-533x800.jpg 533w, https:\/\/remediumbag.eu\/remediumwp\/wp-content\/uploads\/2021\/03\/IMG_8386-768x1152.jpg 768w, https:\/\/remediumbag.eu\/remediumwp\/wp-content\/uploads\/2021\/03\/IMG_8386-740x1110.jpg 740w, https:\/\/remediumbag.eu\/remediumwp\/wp-content\/uploads\/2021\/03\/IMG_8386-370x555.jpg 370w, https:\/\/remediumbag.eu\/remediumwp\/wp-content\/uploads\/2021\/03\/IMG_8386.jpg 1000w\" sizes=\"(max-width: 400px) 100vw, 400px\" title=\"\"><\/div>\n\t\t\t\t\t<div class=\"wc-block-grid__product-title\">Torba lniana Czarny bez<\/div>\n\t\t\t\t<\/a>\n\t\t\t\t\n\t\t\t\t<div class=\"wc-block-grid__product-price price\"><span class=\"woocommerce-Price-amount amount\"><bdi>150,00&nbsp;<span class=\"woocommerce-Price-currencySymbol\">&#122;&#322;<\/span><\/bdi><\/span><\/div>\n\t\t\t\t\n\t\t\t\t\n\t\t\t<\/li><li class=\"wc-block-grid__product\">\n\t\t\t\t<a href=\"https:\/\/remediumbag.eu\/remediumwp\/sklep\/korkowa-mini-torebka-na-telefon-6\/\" class=\"wc-block-grid__product-link\">\n\t\t\t\t\t<div class=\"wc-block-grid__product-image\"><img width=\"400\" height=\"600\" src=\"https:\/\/remediumbag.eu\/remediumwp\/wp-content\/uploads\/2021\/03\/minibag-korek-paski-12-400x600.jpg\" class=\"attachment-woocommerce_thumbnail size-woocommerce_thumbnail\" alt=\"mini torebka na telefon i karty\" decoding=\"async\" srcset=\"https:\/\/remediumbag.eu\/remediumwp\/wp-content\/uploads\/2021\/03\/minibag-korek-paski-12-400x600.jpg 400w, https:\/\/remediumbag.eu\/remediumwp\/wp-content\/uploads\/2021\/03\/minibag-korek-paski-12-267x400.jpg 267w, https:\/\/remediumbag.eu\/remediumwp\/wp-content\/uploads\/2021\/03\/minibag-korek-paski-12-533x800.jpg 533w, https:\/\/remediumbag.eu\/remediumwp\/wp-content\/uploads\/2021\/03\/minibag-korek-paski-12-768x1152.jpg 768w, https:\/\/remediumbag.eu\/remediumwp\/wp-content\/uploads\/2021\/03\/minibag-korek-paski-12-1024x1536.jpg 1024w, https:\/\/remediumbag.eu\/remediumwp\/wp-content\/uploads\/2021\/03\/minibag-korek-paski-12-1365x2048.jpg 1365w, https:\/\/remediumbag.eu\/remediumwp\/wp-content\/uploads\/2021\/03\/minibag-korek-paski-12-1200x1800.jpg 1200w, https:\/\/remediumbag.eu\/remediumwp\/wp-content\/uploads\/2021\/03\/minibag-korek-paski-12-scaled-740x1110.jpg 740w, https:\/\/remediumbag.eu\/remediumwp\/wp-content\/uploads\/2021\/03\/minibag-korek-paski-12-scaled-370x555.jpg 370w, https:\/\/remediumbag.eu\/remediumwp\/wp-content\/uploads\/2021\/03\/minibag-korek-paski-12-scaled.jpg 800w\" sizes=\"(max-width: 400px) 100vw, 400px\" title=\"\"><\/div>\n\t\t\t\t\t<div class=\"wc-block-grid__product-title\">Korkowa mini torebka na telefon<\/div>\n\t\t\t\t<\/a>\n\t\t\t\t\n\t\t\t\t<div class=\"wc-block-grid__product-price price\"><span class=\"woocommerce-Price-amount amount\"><bdi>95,00&nbsp;<span class=\"woocommerce-Price-currencySymbol\">&#122;&#322;<\/span><\/bdi><\/span><\/div>\n\t\t\t\t\n\t\t\t\t\n\t\t\t<\/li><li class=\"wc-block-grid__product\">\n\t\t\t\t<a href=\"https:\/\/remediumbag.eu\/remediumwp\/sklep\/korkowa-mini-torebka-na-telefon-4\/\" class=\"wc-block-grid__product-link\">\n\t\t\t\t\t<div class=\"wc-block-grid__product-image\"><img width=\"400\" height=\"600\" src=\"https:\/\/remediumbag.eu\/remediumwp\/wp-content\/uploads\/2021\/03\/korkowa-torebka-na-telefon-46-400x600.jpg\" class=\"attachment-woocommerce_thumbnail size-woocommerce_thumbnail\" alt=\"mini torebka na telefon i karty z jasnej tkaniny korkowej\" decoding=\"async\" srcset=\"https:\/\/remediumbag.eu\/remediumwp\/wp-content\/uploads\/2021\/03\/korkowa-torebka-na-telefon-46-400x600.jpg 400w, https:\/\/remediumbag.eu\/remediumwp\/wp-content\/uploads\/2021\/03\/korkowa-torebka-na-telefon-46-533x800.jpg 533w, https:\/\/remediumbag.eu\/remediumwp\/wp-content\/uploads\/2021\/03\/korkowa-torebka-na-telefon-46-768x1152.jpg 768w, https:\/\/remediumbag.eu\/remediumwp\/wp-content\/uploads\/2021\/03\/korkowa-torebka-na-telefon-46-740x1110.jpg 740w, https:\/\/remediumbag.eu\/remediumwp\/wp-content\/uploads\/2021\/03\/korkowa-torebka-na-telefon-46-370x555.jpg 370w, https:\/\/remediumbag.eu\/remediumwp\/wp-content\/uploads\/2021\/03\/korkowa-torebka-na-telefon-46.jpg 1000w\" sizes=\"(max-width: 400px) 100vw, 400px\" title=\"\"><\/div>\n\t\t\t\t\t<div class=\"wc-block-grid__product-title\">Korkowa mini torebka na telefon<\/div>\n\t\t\t\t<\/a>\n\t\t\t\t\n\t\t\t\t<div class=\"wc-block-grid__product-price price\"><span class=\"woocommerce-Price-amount amount\"><bdi>95,00&nbsp;<span class=\"woocommerce-Price-currencySymbol\">&#122;&#322;<\/span><\/bdi><\/span><\/div>\n\t\t\t\t\n\t\t\t\t\n\t\t\t<\/li><li class=\"wc-block-grid__product\">\n\t\t\t\t<a href=\"https:\/\/remediumbag.eu\/remediumwp\/sklep\/korkowa-mini-torebka-na-telefon-3\/\" class=\"wc-block-grid__product-link\">\n\t\t\t\t\t<div class=\"wc-block-grid__product-image\"><img width=\"400\" height=\"600\" src=\"https:\/\/remediumbag.eu\/remediumwp\/wp-content\/uploads\/2021\/03\/IMG_8073-400x600.jpg\" class=\"attachment-woocommerce_thumbnail size-woocommerce_thumbnail\" alt=\"Korkowa mini torebka na telefon i karty. Korek z kolorowymi drobinkami - bardzo drobna nieregularna mozaika\" decoding=\"async\" srcset=\"https:\/\/remediumbag.eu\/remediumwp\/wp-content\/uploads\/2021\/03\/IMG_8073-400x600.jpg 400w, https:\/\/remediumbag.eu\/remediumwp\/wp-content\/uploads\/2021\/03\/IMG_8073-267x400.jpg 267w, https:\/\/remediumbag.eu\/remediumwp\/wp-content\/uploads\/2021\/03\/IMG_8073-534x800.jpg 534w, https:\/\/remediumbag.eu\/remediumwp\/wp-content\/uploads\/2021\/03\/IMG_8073-768x1151.jpg 768w, https:\/\/remediumbag.eu\/remediumwp\/wp-content\/uploads\/2021\/03\/IMG_8073-740x1108.jpg 740w, https:\/\/remediumbag.eu\/remediumwp\/wp-content\/uploads\/2021\/03\/IMG_8073-370x554.jpg 370w, https:\/\/remediumbag.eu\/remediumwp\/wp-content\/uploads\/2021\/03\/IMG_8073.jpg 801w\" sizes=\"(max-width: 400px) 100vw, 400px\" title=\"\"><\/div>\n\t\t\t\t\t<div class=\"wc-block-grid__product-title\">Korkowa mini torebka na telefon<\/div>\n\t\t\t\t<\/a>\n\t\t\t\t\n\t\t\t\t<div class=\"wc-block-grid__product-price price\"><span class=\"woocommerce-Price-amount amount\"><bdi>95,00&nbsp;<span class=\"woocommerce-Price-currencySymbol\">&#122;&#322;<\/span><\/bdi><\/span><\/div>\n\t\t\t\t\n\t\t\t\t\n\t\t\t<\/li><li class=\"wc-block-grid__product\">\n\t\t\t\t<a href=\"https:\/\/remediumbag.eu\/remediumwp\/sklep\/korkowa-mini-torebka-na-telefon-2\/\" class=\"wc-block-grid__product-link\">\n\t\t\t\t\t<div class=\"wc-block-grid__product-image\"><img width=\"400\" height=\"567\" src=\"https:\/\/remediumbag.eu\/remediumwp\/wp-content\/uploads\/2021\/03\/minibag-korek-paski-5-400x567.jpg\" class=\"attachment-woocommerce_thumbnail size-woocommerce_thumbnail\" alt=\"korkowa mini torebka na telefon i karty. Torebeczka zapinana na magnes, pasek do noszenia na skos.\" decoding=\"async\" srcset=\"https:\/\/remediumbag.eu\/remediumwp\/wp-content\/uploads\/2021\/03\/minibag-korek-paski-5-400x567.jpg 400w, https:\/\/remediumbag.eu\/remediumwp\/wp-content\/uploads\/2021\/03\/minibag-korek-paski-5-282x400.jpg 282w, https:\/\/remediumbag.eu\/remediumwp\/wp-content\/uploads\/2021\/03\/minibag-korek-paski-5-565x800.jpg 565w, https:\/\/remediumbag.eu\/remediumwp\/wp-content\/uploads\/2021\/03\/minibag-korek-paski-5-768x1088.jpg 768w, https:\/\/remediumbag.eu\/remediumwp\/wp-content\/uploads\/2021\/03\/minibag-korek-paski-5-740x1048.jpg 740w, https:\/\/remediumbag.eu\/remediumwp\/wp-content\/uploads\/2021\/03\/minibag-korek-paski-5-370x524.jpg 370w, https:\/\/remediumbag.eu\/remediumwp\/wp-content\/uploads\/2021\/03\/minibag-korek-paski-5.jpg 847w\" sizes=\"(max-width: 400px) 100vw, 400px\" title=\"\"><\/div>\n\t\t\t\t\t<div class=\"wc-block-grid__product-title\">Korkowa mini torebka na telefon<\/div>\n\t\t\t\t<\/a>\n\t\t\t\t\n\t\t\t\t<div class=\"wc-block-grid__product-price price\"><span class=\"woocommerce-Price-amount amount\"><bdi>95,00&nbsp;<span class=\"woocommerce-Price-currencySymbol\">&#122;&#322;<\/span><\/bdi><\/span><\/div>\n\t\t\t\t\n\t\t\t\t\n\t\t\t<\/li><li class=\"wc-block-grid__product\">\n\t\t\t\t<a href=\"https:\/\/remediumbag.eu\/remediumwp\/sklep\/mini-torebka-na-telefon-1\/\" class=\"wc-block-grid__product-link\">\n\t\t\t\t\t<div class=\"wc-block-grid__product-image\"><img width=\"400\" height=\"600\" src=\"https:\/\/remediumbag.eu\/remediumwp\/wp-content\/uploads\/2021\/03\/korkowa-torebka-na-telefon-43-400x600.jpg\" class=\"attachment-woocommerce_thumbnail size-woocommerce_thumbnail\" alt=\"korkowa mini torebka na telefon z wk\u0142adk\u0105 na karty i dokumenty. Zapinana klapk\u0105 na magnesik. Dla por\u00f3wnania du\u017cy telefon.\" decoding=\"async\" srcset=\"https:\/\/remediumbag.eu\/remediumwp\/wp-content\/uploads\/2021\/03\/korkowa-torebka-na-telefon-43-400x600.jpg 400w, https:\/\/remediumbag.eu\/remediumwp\/wp-content\/uploads\/2021\/03\/korkowa-torebka-na-telefon-43-533x800.jpg 533w, https:\/\/remediumbag.eu\/remediumwp\/wp-content\/uploads\/2021\/03\/korkowa-torebka-na-telefon-43-768x1152.jpg 768w, https:\/\/remediumbag.eu\/remediumwp\/wp-content\/uploads\/2021\/03\/korkowa-torebka-na-telefon-43-740x1110.jpg 740w, https:\/\/remediumbag.eu\/remediumwp\/wp-content\/uploads\/2021\/03\/korkowa-torebka-na-telefon-43-370x555.jpg 370w, https:\/\/remediumbag.eu\/remediumwp\/wp-content\/uploads\/2021\/03\/korkowa-torebka-na-telefon-43.jpg 1000w\" sizes=\"(max-width: 400px) 100vw, 400px\" title=\"\"><\/div>\n\t\t\t\t\t<div class=\"wc-block-grid__product-title\">Korkowa mini torebka na telefon<\/div>\n\t\t\t\t<\/a>\n\t\t\t\t\n\t\t\t\t<div class=\"wc-block-grid__product-price price\"><span class=\"woocommerce-Price-amount amount\"><bdi>95,00&nbsp;<span class=\"woocommerce-Price-currencySymbol\">&#122;&#322;<\/span><\/bdi><\/span><\/div>\n\t\t\t\t\n\t\t\t\t\n\t\t\t<\/li><\/ul><\/div>","protected":false},"excerpt":{"rendered":"<p>Z czego sk\u0142ada si\u0119 opakowanie w Remediumbag i co dalej z nim zrobi\u0107? W zale\u017cno\u015bci od wielko\u015bci produktu torby i akcesoria pakowane s\u0105 na dwa r\u00f3\u017cne sposoby: Remediumbag jest mark\u0105 wega\u0144sk\u0105 &#8211; wszystkie torby i akcesoria wykonane s\u0105 z materia\u0142\u00f3w &hellip; <a href=\"https:\/\/remediumbag.eu\/remediumwp\/jak-pakujemy-produkty\/\">Czytaj wi\u0119cej<\/a><\/p>\n","protected":false},"author":1,"featured_media":9523,"parent":0,"menu_order":0,"comment_status":"closed","ping_status":"closed","template":"","meta":{"kt_blocks_editor_width":""},"amp_enabled":true,"_links":{"self":[{"href":"https:\/\/remediumbag.eu\/remediumwp\/wp-json\/wp\/v2\/pages\/9528"}],"collection":[{"href":"https:\/\/remediumbag.eu\/remediumwp\/wp-json\/wp\/v2\/pages"}],"about":[{"href":"https:\/\/remediumbag.eu\/remediumwp\/wp-json\/wp\/v2\/types\/page"}],"author":[{"embeddable":true,"href":"https:\/\/remediumbag.eu\/remediumwp\/wp-json\/wp\/v2\/users\/1"}],"replies":[{"embeddable":true,"href":"https:\/\/remediumbag.eu\/remediumwp\/wp-json\/wp\/v2\/comments?post=9528"}],"version-history":[{"count":3,"href":"https:\/\/remediumbag.eu\/remediumwp\/wp-json\/wp\/v2\/pages\/9528\/revisions"}],"predecessor-version":[{"id":10457,"href":"https:\/\/remediumbag.eu\/remediumwp\/wp-json\/wp\/v2\/pages\/9528\/revisions\/10457"}],"wp:featuredmedia":[{"embeddable":true,"href":"https:\/\/remediumbag.eu\/remediumwp\/wp-json\/wp\/v2\/media\/9523"}],"wp:attachment":[{"href":"https:\/\/remediumbag.eu\/remediumwp\/wp-json\/wp\/v2\/media?parent=9528"}],"curies":[{"name":"wp","href":"https:\/\/api.w.org\/{rel}","templated":true}]}}